{"id":558,"date":"2019-07-11T21:59:12","date_gmt":"2019-07-11T19:59:12","guid":{"rendered":"http:\/\/praxisbs.ch\/de\/?page_id=558"},"modified":"2026-03-30T09:07:26","modified_gmt":"2026-03-30T07:07:26","slug":"dipl-psych-ariane-kroll","status":"publish","type":"page","link":"https:\/\/praxisbs.ch\/fr\/team\/dipl-psych-ariane-kroll\/","title":{"rendered":"Ariane Kroll, psychologue dipl\u00f4m\u00e9e"},"content":{"rendered":"<p><\/p>\n<p><strong>Concentration pratique :<\/strong><\/p>\n<p>Psychoth\u00e9rapie avec des adultes<\/p>\n<p>(\u00e9galement en anglais)<\/p>\n<p>Mentorat<\/p>\n<p>Th\u00e9rapie de couple<\/p>\n<p>TEK Entra\u00eenement des comp\u00e9tences \u00e9motionnelles selon Berking (entra\u00eenement individuel et en groupe)<\/p>\n<p>Offre de groupe : Sortie de groupe en ambulatoire apr\u00e8s un s\u00e9jour hospitalier<\/p>\n\n<p><strong>Activit\u00e9s ant\u00e9rieures :<\/strong><\/p>\n<p>Charg\u00e9 de cours \u00e0 la PSP B\u00e2le, Etudes post-universitaires en psychoth\u00e9rapie B\u00e2le depuis 2019\u00a0\u00a0\u00a0\u00a0\u00a0\u00a0\u00a0\u00a0\u00a0\u00a0\u00a0\u00a0\u00a0\u00a0\u00a0\u00a0\u00a0\u00a0\u00a0\u00a0\u00a0\u00a0\u00a0\u00a0\u00a0\u00a0\u00a0\u00a0\u00a0\u00a0\u00a0\u00a0\u00a0\u00a0\u00a0\u00a0\u00a0\u00a0\u00a0\u00a0\u00a0\u00a0\u00a0\u00a0\u00a0\u00a0\u00a0\u00a0\u00a0\u00a0\u00a0\u00a0\u00a0\u00a0\u00a0\u00a0\u00a0\u00a0\u00a0\u00a0\u00a0\u00a0\u00a0\u00a0 \u00a0\u00a0\u00a0\u00a0\u00a0\u00a0\u00a0\u00a0\u00a0\u00a0\u00a0\u00a0\u00a0\u00a0\u00a0\u00a0\u00a0\u00a0\u00a0\u00a0\u00a0\u00a0\u00a0<\/p>\n<p>Travailleure ind\u00e9pendante dans le cabinet de Spalentor depuis 2019<\/p>\n<p>Institution ambulatoire de la Clinique Sch\u00fctzen Rheinfelden 2015-2019<\/p>\n<p>Entra\u00eeneur TEK (formation de comp\u00e9tences \u00e9motionnelles selon Berking) depuis 2017<\/p>\n<p>Station Burnout de la Clinique Sch\u00fctzen Rheinfelden 2014-2015<\/p>\n<p>D\u00e9partement de diagnostic et institution ambulatoire de th\u00e9rapie comportementale, UPK B\u00e2le (Cliniques psychiatriques universitaires de B\u00e2le) 2013-2014<\/p>\n<p>Journaliste ind\u00e9pendante depuis 2008<\/p>\n<p>entra\u00eeneur ind\u00e9pendant depuis 2005<\/p>\n<p>ABSM B\u00e2le, Centre de formation et de conseil pour les migrants, 2006-2007<\/p>\n<p>Sozialraumteam Neunkirchen, Allemagne (\u00e9quipe de l&#8217;espace social du bureau de la jeunesse et de Arbeiterwohlfahrt, 2004-2005<\/p>\n<p>Aide ambulatoire aux jeunes et aux familles de Arbeiterwohlfahrt (Association pour le bien-\u00eatre des travailleurs), (th\u00e9rapie familiale, th\u00e9rapie de couple et clearing) 1998-2005<\/p>\n\n<p><strong>Formation et perfectionnement :<\/strong><\/p>\n<p>Formation pour devenir formateur TEK apr\u00e8s Berking 2017<\/p>\n<p>Narrative Exposure Therapy NET en psychiatrie B\u00e2le 2016<\/p>\n<p>Formation continue en sch\u00e9masth\u00e9rapie B\u00e2le (STBS) 2015-2016<\/p>\n<p>Formation postdoctorale en th\u00e9rapie cognitivo-comportementale, PSP B\u00e2le 2013-2017<\/p>\n<p>Divers ateliers sur l&#8217;ACT<\/p>\n<p>Journalisme sp\u00e9cialis\u00e9 de la CAS au MAZ, Ecole suisse de journalisme \u00e0 Lucerne 2012-2013<\/p>\n<p>Formation continue en journalisme \u00e0 la Media School Northwestern Switzerland 2008-2009<\/p>\n<p>Perfectionnement professionnel en tant qu&#8217;entra\u00eeneur 2005-2006<\/p>\n<p>Formation d&#8217;un an en psychoth\u00e9rapie syst\u00e9mique 2000-2001<\/p>\n<p>Formation continue semestrielle en profondeur psychologiquement fond\u00e9e<\/p>\n<p>Psychoth\u00e9rapie, Institut sarrois de psychanalyse et de psychoth\u00e9rapie 2001<\/p>\n<p>Etudes de psychologie \u00e0 l&#8217;Universit\u00e9 de Sarrebruck \/ Allemagne, 2000 Dipl.\u00a0\u00a0\u00a0\u00a0\u00a0\u00a0\u00a0\u00a0\u00a0\u00a0\u00a0\u00a0\u00a0\u00a0\u00a0\u00a0\u00a0\u00a0\u00a0\u00a0\u00a0\u00a0\u00a0\u00a0\u00a0\u00a0\u00a0\u00a0\u00a0\u00a0\u00a0\u00a0\u00a0\u00a0\u00a0\u00a0\u00a0\u00a0\u00a0\u00a0\u00a0\u00a0\u00a0\u00a0\u00a0\u00a0\u00a0\u00a0\u00a0\u00a0\u00a0\u00a0\u00a0\u00a0<\/p>\n\n<p><strong>Offres de th\u00e9rapie :<\/strong><\/p>\n<p>Th\u00e9rapie cognitivo-comportementale<\/p>\n<p>Th\u00e9rapie par sch\u00e9ma<\/p>\n<p>Th\u00e9rapie d&#8217;acceptation et d&#8217;engagement (ACT)<\/p>\n<p>Th\u00e9rapie narrative de l&#8217;exposition (TEP)<\/p>\n<p>th\u00e9rapie de couple<\/p>\n<p>TEK, formation des comp\u00e9tences \u00e9motionnelles selon Berking (formation collective et individuelle)<\/p>\n\n<p><strong>Adh\u00e9sions :<\/strong><\/p>\n<p>F\u00e9d\u00e9ration suisse des psychologues (FSP)<\/p>\n<p>Association des psychologues allemands (BDP)<\/p>\n\n\n<p><\/p>","protected":false},"excerpt":{"rendered":"<p>Concentration pratique : Psychoth\u00e9rapie avec des adultes (\u00e9galement en anglais) Mentorat Th\u00e9rapie de couple TEK Entra\u00eenement des comp\u00e9tences \u00e9motionnelles selon Berking (entra\u00eenement individuel et en groupe) Offre de groupe : Sortie de groupe en ambulatoire apr\u00e8s un s\u00e9jour hospitalier Activit\u00e9s ant\u00e9rieures : Charg\u00e9 de cours \u00e0 la PSP B\u00e2le, Etudes post-universitaires en psychoth\u00e9rapie B\u00e2le depuis [&hellip;]<\/p>\n","protected":false},"author":2,"featured_media":0,"parent":18,"menu_order":17,"comment_status":"closed","ping_status":"closed","template":"","meta":{"_acf_changed":false,"footnotes":""},"acf":[],"_links":{"self":[{"href":"https:\/\/praxisbs.ch\/fr\/wp-json\/wp\/v2\/pages\/558"}],"collection":[{"href":"https:\/\/praxisbs.ch\/fr\/wp-json\/wp\/v2\/pages"}],"about":[{"href":"https:\/\/praxisbs.ch\/fr\/wp-json\/wp\/v2\/types\/page"}],"author":[{"embeddable":true,"href":"https:\/\/praxisbs.ch\/fr\/wp-json\/wp\/v2\/users\/2"}],"replies":[{"embeddable":true,"href":"https:\/\/praxisbs.ch\/fr\/wp-json\/wp\/v2\/comments?post=558"}],"version-history":[{"count":38,"href":"https:\/\/praxisbs.ch\/fr\/wp-json\/wp\/v2\/pages\/558\/revisions"}],"predecessor-version":[{"id":1229,"href":"https:\/\/praxisbs.ch\/fr\/wp-json\/wp\/v2\/pages\/558\/revisions\/1229"}],"up":[{"embeddable":true,"href":"https:\/\/praxisbs.ch\/fr\/wp-json\/wp\/v2\/pages\/18"}],"wp:attachment":[{"href":"https:\/\/praxisbs.ch\/fr\/wp-json\/wp\/v2\/media?parent=558"}],"curies":[{"name":"wp","href":"https:\/\/api.w.org\/{rel}","templated":true}]}}