{"id":971,"date":"2024-01-16T12:01:33","date_gmt":"2024-01-16T11:01:33","guid":{"rendered":"https:\/\/praxisbs.ch\/?page_id=971"},"modified":"2026-03-02T13:26:24","modified_gmt":"2026-03-02T12:26:24","slug":"m-sc-tobias-knobel","status":"publish","type":"page","link":"https:\/\/praxisbs.ch\/de\/team\/m-sc-tobias-knobel\/","title":{"rendered":"M.Sc. Tobias Knobel"},"content":{"rendered":"<p><\/p>\n<div>\n<h3 class=\"Text\"><span lang=\"DE\">Praxisschwerpunkte<\/span><\/h3>\n<p>Psychotherapie mit Erwachsenen und jungen Erwachsenen bei Themen wie<\/p>\n<\/div>\n<ul>\n<li><span lang=\"DE\">depressiven Symptomen<\/span><\/li>\n<li><span lang=\"DE\">Angsterkrankungen <\/span><\/li>\n<li><span lang=\"DE\">Kritische Lebensereignisse<\/span><\/li>\n<li><span lang=\"DE\">Umgang mit Verlusten<\/span><\/li>\n<li><span lang=\"DE\">Traumafolgest\u00f6rungen<\/span><\/li>\n<li><span lang=\"DE\">Pers<\/span><span lang=\"SV\">\u00f6<\/span><span lang=\"DE\">nlichkeitsakzentuierungen-\/St\u00f6rungen<\/span><\/li>\n<li><span lang=\"DE\">psychosomatischen Symptomen<\/span><\/li>\n<\/ul>\n<h3>Abrechnungsart<\/h3>\n<ul>\n<li>Grundversicherung<\/li>\n<li>Selbstzahlende<\/li>\n<\/ul>\n<div>\u00a0<\/div>\n<div><span style=\"font-family: OpenSansSemibold, helvetica, sans-serif; font-size: 20px;\">Aus- und Weiterbildung<\/span><\/div>\n<ul>\n<li><span lang=\"DE\">Kontinuierliche Fortbildungen in unterschiedlichen psychotherapeutischen Bereichen wie ACT, Schematherapie, mentalisierungsbasierte Psychotherapie<\/span><\/li>\n<li>2024 Weiterbildung in EMDR<\/li>\n<li><span lang=\"DE\">2022 &#8211; 2023 Weiterbildung im Bereich Schematherapie<\/span><\/li>\n<li>201<span lang=\"DE\">9<\/span> \u2013 202<span lang=\"DE\">3<\/span> Master of Advanced Studies <span lang=\"DE\">in Psychotherapie <\/span>a<span lang=\"DE\">m<\/span><span lang=\"PT\"> PSP Basel<\/span><\/li>\n<li>20<span lang=\"DE\">07<\/span> \u2013 201<span lang=\"DE\">5 Studium der Psychologie in Basel und Bern<\/span><\/li>\n<li><span lang=\"DE\">2004 &#8211; 2007 Ausbildung zum Primarlehrer, FHNW<\/span><\/li>\n<\/ul>\n<div>\u00a0<\/div>\n<div><span lang=\"DE\" style=\"font-family: OpenSansSemibold, helvetica, sans-serif; font-size: 20px;\">Bisherige T<\/span><span style=\"font-family: OpenSansSemibold, helvetica, sans-serif; font-size: 20px;\">\u00e4<\/span><span lang=\"DE\" style=\"font-family: OpenSansSemibold, helvetica, sans-serif; font-size: 20px;\">tigkeiten<\/span><\/div>\n<ul>\n<li><span lang=\"DE\">Seit Januar<\/span> 202<span lang=\"DE\">4<\/span> <span lang=\"DE\">als selbstst<\/span>\u00e4<span lang=\"NL\">ndige<\/span><span lang=\"DE\">r Psychotherapeut t\u00e4tig<\/span><\/li>\n<li><span lang=\"DE\">2022 &#8211; 2023 stv. Oberpsychologe in der Klinik Barmelweid<\/span><\/li>\n<li>2019 \u2013 202<span lang=\"DE\">3<\/span> <span lang=\"DE\">klinischer Psychologe in der Klinik Barmelweid<\/span><\/li>\n<li><span lang=\"DE\">2015<\/span> \u2013 20<span lang=\"DE\">20<\/span> <span lang=\"DE\">selbst\u00e4ndige T\u00e4tigkeit im Bereich Autismus bei aaa autismus approach<\/span><\/li>\n<li>20<span lang=\"DE\">0<\/span><span lang=\"RU\">7 <\/span>\u2013 201<span lang=\"DE\">8<\/span> <span lang=\"DE\">diverse T\u00e4tigkeiten als Primarlehrer, Sonderp\u00e4dagoge und Therapeut in Fr\u00fchf\u00f6rderprogrammen bei Kindern mit ASS<\/span><\/li>\n<\/ul>\n<h3><span lang=\"DE\">Mitgliedschaften<\/span><\/h3>\n<ul>\n<li>F<span lang=\"SV\">\u00f6<\/span><span lang=\"DE\">deration der Schweizer Psychologinnen und Psychologen FSP<\/span><\/li>\n<li><span lang=\"DE\">Verband der Psychologinnen und Psychologen beider Basel PPB<\/span><\/li>\n<li>Verband der Psychotherapeut:innen beider Basel VPB<\/li>\n<\/ul>\n<p><\/p>","protected":false},"excerpt":{"rendered":"<p>Praxisschwerpunkte Psychotherapie mit Erwachsenen und jungen Erwachsenen bei Themen wie depressiven Symptomen Angsterkrankungen Kritische Lebensereignisse Umgang mit Verlusten Traumafolgest\u00f6rungen Pers\u00f6nlichkeitsakzentuierungen-\/St\u00f6rungen psychosomatischen Symptomen Abrechnungsart Grundversicherung Selbstzahlende \u00a0 Aus- und Weiterbildung Kontinuierliche Fortbildungen in unterschiedlichen psychotherapeutischen Bereichen wie ACT, Schematherapie, mentalisierungsbasierte Psychotherapie 2024 Weiterbildung in EMDR 2022 &#8211; 2023 Weiterbildung im Bereich Schematherapie 2019 \u2013 2023 Master [&hellip;]<\/p>\n","protected":false},"author":4,"featured_media":0,"parent":18,"menu_order":20,"comment_status":"closed","ping_status":"closed","template":"","meta":{"_acf_changed":false,"footnotes":""},"acf":[],"_links":{"self":[{"href":"https:\/\/praxisbs.ch\/de\/wp-json\/wp\/v2\/pages\/971"}],"collection":[{"href":"https:\/\/praxisbs.ch\/de\/wp-json\/wp\/v2\/pages"}],"about":[{"href":"https:\/\/praxisbs.ch\/de\/wp-json\/wp\/v2\/types\/page"}],"author":[{"embeddable":true,"href":"https:\/\/praxisbs.ch\/de\/wp-json\/wp\/v2\/users\/4"}],"replies":[{"embeddable":true,"href":"https:\/\/praxisbs.ch\/de\/wp-json\/wp\/v2\/comments?post=971"}],"version-history":[{"count":19,"href":"https:\/\/praxisbs.ch\/de\/wp-json\/wp\/v2\/pages\/971\/revisions"}],"predecessor-version":[{"id":1221,"href":"https:\/\/praxisbs.ch\/de\/wp-json\/wp\/v2\/pages\/971\/revisions\/1221"}],"up":[{"embeddable":true,"href":"https:\/\/praxisbs.ch\/de\/wp-json\/wp\/v2\/pages\/18"}],"wp:attachment":[{"href":"https:\/\/praxisbs.ch\/de\/wp-json\/wp\/v2\/media?parent=971"}],"curies":[{"name":"wp","href":"https:\/\/api.w.org\/{rel}","templated":true}]}}