{"id":26,"date":"2018-04-17T13:03:34","date_gmt":"2018-04-17T11:03:34","guid":{"rendered":"http:\/\/praxisbs.ch\/bbwpcms\/informationen\/geschichte-der-praxis\/"},"modified":"2024-07-12T00:52:25","modified_gmt":"2024-07-11T22:52:25","slug":"geschichte-der-praxis","status":"publish","type":"page","link":"https:\/\/praxisbs.ch\/de\/informationen\/geschichte-der-praxis\/","title":{"rendered":"Geschichte der Praxis"},"content":{"rendered":"<p><\/p>\n<div>\n<p>Die Praxis Haus zum Sausewind<i>, <\/i>vormals Praxis beim Spalentor<i>, <\/i>wurde im Sommer 2024 von Sabine Hefti, Ariane Kroll, Brigitte Hochuli und einem Team psychologischer Psychotherapeut:innen am neuen Standort an bester Lage in Basel er\u00f6ffnet.<\/p>\n<\/div>\n<div>\n<p>Die Praxis wurde 2001 von Lukas Richterich, Vreni Richterich, Ruth M\u00fcllejans (verst.\u00a02016) und Sabine Hefti gegr\u00fcndet und seither stetig weiterentwickelt. Sie steht seit \u00fcber zwanzig Jahren f\u00fcr qualit\u00e4tsvolle Psychotherapie nach dem jeweils aktuellen Erkenntnisstand der Psychotherapieforschung. Mit dem Umzug in die denkmalgesch\u00fctzte, sorgf\u00e4ltig renovierte \u00a0Liegenschaft \u00abZUM SAUSEWIND\u00bb konnte die Praxis vergr\u00f6ssert werden und wird nun unter dem neuem Namen weitergef\u00fchrt.<\/p>\n<\/div>\n<div>\n<p>Die Freude am Beruf und der rege fachliche Austausch bilden den verbindenden Kern der Praxisgemeinschaft. Mit dem Projekt \u00abJunior Partner\u00bb wurde f\u00fcr junge Kolleginnen und Kollegen die M\u00f6glichkeit zur tempor\u00e4ren Mitarbeit und zum Einstieg in die selbst\u00e4ndige Berufst\u00e4tigkeit als Fachpsycholog:in f\u00fcr Psychotherapie geschaffen.<\/p>\n<\/div>\n<div>\n<p>Die Teammitglieder stehen in engem Kontakt mit Universit\u00e4ten und Ausbildungsinstituten und sind bestens vernetzt in Basel und \u00fcber die Kantons- und Landesgrenze hinaus.<\/p>\n<\/div>\n<p><\/p>","protected":false},"excerpt":{"rendered":"<p>Die Praxis Haus zum Sausewind, vormals Praxis beim Spalentor, wurde im Sommer 2024 von Sabine Hefti, Ariane Kroll, Brigitte Hochuli und einem Team psychologischer Psychotherapeut:innen am neuen Standort an bester Lage in Basel er\u00f6ffnet. Die Praxis wurde 2001 von Lukas Richterich, Vreni Richterich, Ruth M\u00fcllejans (verst.\u00a02016) und Sabine Hefti gegr\u00fcndet und seither stetig weiterentwickelt. Sie [&hellip;]<\/p>\n","protected":false},"author":2,"featured_media":0,"parent":25,"menu_order":26,"comment_status":"closed","ping_status":"closed","template":"","meta":{"_acf_changed":false,"footnotes":""},"acf":[],"_links":{"self":[{"href":"https:\/\/praxisbs.ch\/de\/wp-json\/wp\/v2\/pages\/26"}],"collection":[{"href":"https:\/\/praxisbs.ch\/de\/wp-json\/wp\/v2\/pages"}],"about":[{"href":"https:\/\/praxisbs.ch\/de\/wp-json\/wp\/v2\/types\/page"}],"author":[{"embeddable":true,"href":"https:\/\/praxisbs.ch\/de\/wp-json\/wp\/v2\/users\/2"}],"replies":[{"embeddable":true,"href":"https:\/\/praxisbs.ch\/de\/wp-json\/wp\/v2\/comments?post=26"}],"version-history":[{"count":28,"href":"https:\/\/praxisbs.ch\/de\/wp-json\/wp\/v2\/pages\/26\/revisions"}],"predecessor-version":[{"id":1107,"href":"https:\/\/praxisbs.ch\/de\/wp-json\/wp\/v2\/pages\/26\/revisions\/1107"}],"up":[{"embeddable":true,"href":"https:\/\/praxisbs.ch\/de\/wp-json\/wp\/v2\/pages\/25"}],"wp:attachment":[{"href":"https:\/\/praxisbs.ch\/de\/wp-json\/wp\/v2\/media?parent=26"}],"curies":[{"name":"wp","href":"https:\/\/api.w.org\/{rel}","templated":true}]}}