{"id":19,"date":"2018-06-16T16:30:34","date_gmt":"2018-06-16T14:30:34","guid":{"rendered":"http:\/\/praxisbs.ch\/bbwpcms\/team\/dr-phil-judith-blatter-meunier\/"},"modified":"2026-03-03T13:27:32","modified_gmt":"2026-03-03T12:27:32","slug":"m-sc-brigitte-hochuli","status":"publish","type":"page","link":"https:\/\/praxisbs.ch\/de\/team\/m-sc-brigitte-hochuli\/","title":{"rendered":"M. Sc. Brigitte Hochuli"},"content":{"rendered":"<p><\/p>\n<p><strong>Praxisschwerpunkte<\/strong><\/p>\n<p>Psychotherapie mit Erwachsenen<\/p>\n<ul>\n<li>bei Burnout- und Ersch\u00f6pfungs-Symptomen<\/li>\n<li>bei kritischen Lebensereignissen: z.B. Trennung, Scheidung, Pensionierung<\/li>\n<li>bei Trauerverarbeitung, Verlust und damit einhergehenden Ver\u00e4nderungen<\/li>\n<li>bei aufkommenden depressiven Symptomen, \u00c4ngsten und Panikattacken<\/li>\n<li>bei psychosomatischen Beschwerden<\/li>\n<\/ul>\n<p><strong>Abrechnungsart<\/strong><\/p>\n<ul>\n<li>Grundversicherung<\/li>\n<li>Selbstzahlende<\/li>\n<\/ul>\n<p><strong>Bisherige T\u00e4tigkeit<\/strong><\/p>\n<ul>\n<li>Seit 1.7.2022 selbst\u00e4ndige Psychotherapeutin in eigener Praxis<\/li>\n<li>Delegierte Psychotherapie in der Psychiatrisch-Psychotherapeutischen-Gruppenpraxis Rheinfelden bei Dr. med &amp; phil Kojo Koranteng<\/li>\n<li>Psychotherapeutische T\u00e4tigkeit in der Klinik Sch\u00fctzen: Abteilung f\u00fcr k\u00f6rperorientierte Psychotherapie und Abteilung f\u00fcr Psychotherapie in der zweiten Lebensh\u00e4lfte<\/li>\n<li>Psychotherapeutische T\u00e4tigkeit in der Tagesklinik (PTK) der Universit\u00e4ren Psychiatrischen Kliniken (UPK) Basel<\/li>\n<li>langj\u00e4hrige Erfahrung als \u00d6konomin in der Privatwirtschaft in leitenden und ausf\u00fchrenden Funktionen<\/li>\n<\/ul>\n<p><strong>Aus- und Weiterbildung<\/strong><\/p>\n<ul>\n<li>Seminare in Gruppenpsychotherapie nach S.H. Foulkes am Seminar f\u00fcr Gruppenanalyse (SGAZ) in Z\u00fcrich von 2020 &#8211; 2024<\/li>\n<li>4-j\u00e4hrige Fortbildung in Psychotherapie bei der Schweizerischen Gesellschaft f\u00fcr Bioenergetische Analyse und Therapie (SGBAT) \u2013 k\u00f6rperorientiert \u2013 emotionsfokussiert \u2013 psychodynamisch<\/li>\n<li>4-j\u00e4hrige Weiterbildung zur eidg. anerkannten Psychotherapeutin am Zentrum f\u00fcr Systemische Therapie und Beratung (ZSB) in Bern<\/li>\n<li>Studium der klinischen Psychologie an der Universit\u00e4t Bern<\/li>\n<li>Betriebs\u00f6konomin FH Basel mit Schwerpunkt Finanzen und Personal<\/li>\n<\/ul>\n\n\n<p><\/p>","protected":false},"excerpt":{"rendered":"<p>Praxisschwerpunkte Psychotherapie mit Erwachsenen bei Burnout- und Ersch\u00f6pfungs-Symptomen bei kritischen Lebensereignissen: z.B. Trennung, Scheidung, Pensionierung bei Trauerverarbeitung, Verlust und damit einhergehenden Ver\u00e4nderungen bei aufkommenden depressiven Symptomen, \u00c4ngsten und Panikattacken bei psychosomatischen Beschwerden Abrechnungsart Grundversicherung Selbstzahlende Bisherige T\u00e4tigkeit Seit 1.7.2022 selbst\u00e4ndige Psychotherapeutin in eigener Praxis Delegierte Psychotherapie in der Psychiatrisch-Psychotherapeutischen-Gruppenpraxis Rheinfelden bei Dr. med &amp; phil [&hellip;]<\/p>\n","protected":false},"author":4,"featured_media":0,"parent":18,"menu_order":16,"comment_status":"closed","ping_status":"closed","template":"","meta":{"_acf_changed":false,"footnotes":""},"acf":[],"_links":{"self":[{"href":"https:\/\/praxisbs.ch\/de\/wp-json\/wp\/v2\/pages\/19"}],"collection":[{"href":"https:\/\/praxisbs.ch\/de\/wp-json\/wp\/v2\/pages"}],"about":[{"href":"https:\/\/praxisbs.ch\/de\/wp-json\/wp\/v2\/types\/page"}],"author":[{"embeddable":true,"href":"https:\/\/praxisbs.ch\/de\/wp-json\/wp\/v2\/users\/4"}],"replies":[{"embeddable":true,"href":"https:\/\/praxisbs.ch\/de\/wp-json\/wp\/v2\/comments?post=19"}],"version-history":[{"count":57,"href":"https:\/\/praxisbs.ch\/de\/wp-json\/wp\/v2\/pages\/19\/revisions"}],"predecessor-version":[{"id":1228,"href":"https:\/\/praxisbs.ch\/de\/wp-json\/wp\/v2\/pages\/19\/revisions\/1228"}],"up":[{"embeddable":true,"href":"https:\/\/praxisbs.ch\/de\/wp-json\/wp\/v2\/pages\/18"}],"wp:attachment":[{"href":"https:\/\/praxisbs.ch\/de\/wp-json\/wp\/v2\/media?parent=19"}],"curies":[{"name":"wp","href":"https:\/\/api.w.org\/{rel}","templated":true}]}}